{"id":7,"date":"2018-03-16T10:45:54","date_gmt":"2018-03-16T09:45:54","guid":{"rendered":"http:\/\/choreichwalde.de\/?page_id=7"},"modified":"2026-08-18T15:55:33","modified_gmt":"2026-08-18T13:55:33","slug":"startseite","status":"publish","type":"page","link":"https:\/\/choreichwalde.de\/","title":{"rendered":"Herzlich Willkommen auf unseren Seiten."},"content":{"rendered":"\n<p>2024 feierte die Chorgemeinschaft Eichwalde ihr 105-j\u00e4hriges Jubil\u00e4um!<\/p>\n\n\n\n<p>Die Chorgemeinschaft Eichwalde e.V. schaut auf eine \u00fcber hundertj\u00e4hrige Tradition zur\u00fcck. 2019 wurde ihr deshalb vom Bundespr\u00e4sidenten die Zelter-Plakette verliehen.<\/p>\n\n\n\n<p class=\"has-text-align-left\">In mehreren Ch\u00f6ren und Gruppen sind mehr als einhundert musikinteressierte Menschen aller Altersgruppen organisiert. Wir sind eine Chorgemeinschaft, in der alle Generationen ihren Platz finden. <\/p>\n\n\n\n<p class=\"has-text-align-left\">Wir freuen uns, dass Sie sich f\u00fcr unsere Ch\u00f6re und Gruppen interessieren.<\/p>\n\n\n\n<p><\/p>\n\n\n\n<p><\/p>\n","protected":false},"excerpt":{"rendered":"<p>2024 feierte die Chorgemeinschaft Eichwalde ihr 105-j\u00e4hriges Jubil\u00e4um! Die Chorgemeinschaft Eichwalde e.V. schaut auf eine \u00fcber hundertj\u00e4hrige Tradition zur\u00fcck. 2019 wurde ihr deshalb vom Bundespr\u00e4sidenten die Zelter-Plakette verliehen. In mehreren Ch\u00f6ren und Gruppen sind mehr als einhundert musikinteressierte Menschen aller Altersgruppen organisiert. Wir sind eine Chorgemeinschaft, in der alle Generationen ihren Platz finden. Wir freuen &hellip; <\/p>\n<p class=\"link-more\"><a href=\"https:\/\/choreichwalde.de\/\" class=\"more-link\"><span class=\"screen-reader-text\">\u201eHerzlich Willkommen auf unseren Seiten.\u201c<\/span> weiterlesen<\/a><\/p>\n","protected":false},"author":17,"featured_media":0,"parent":0,"menu_order":0,"comment_status":"closed","ping_status":"closed","template":"","meta":{"footnotes":"","_members_access_role":[],"_members_access_error":""},"class_list":["post-7","page","type-page","status-publish","hentry"],"_links":{"self":[{"href":"https:\/\/choreichwalde.de\/index.php?rest_route=\/wp\/v2\/pages\/7","targetHints":{"allow":["GET"]}}],"collection":[{"href":"https:\/\/choreichwalde.de\/index.php?rest_route=\/wp\/v2\/pages"}],"about":[{"href":"https:\/\/choreichwalde.de\/index.php?rest_route=\/wp\/v2\/types\/page"}],"author":[{"embeddable":true,"href":"https:\/\/choreichwalde.de\/index.php?rest_route=\/wp\/v2\/users\/17"}],"replies":[{"embeddable":true,"href":"https:\/\/choreichwalde.de\/index.php?rest_route=%2Fwp%2Fv2%2Fcomments&post=7"}],"version-history":[{"count":10,"href":"https:\/\/choreichwalde.de\/index.php?rest_route=\/wp\/v2\/pages\/7\/revisions"}],"predecessor-version":[{"id":3444,"href":"https:\/\/choreichwalde.de\/index.php?rest_route=\/wp\/v2\/pages\/7\/revisions\/3444"}],"wp:attachment":[{"href":"https:\/\/choreichwalde.de\/index.php?rest_route=%2Fwp%2Fv2%2Fmedia&parent=7"}],"curies":[{"name":"wp","href":"https:\/\/api.w.org\/{rel}","templated":true}]}}